{"id":2,"date":"2012-11-27T15:54:37","date_gmt":"2012-11-27T15:54:37","guid":{"rendered":"http:\/\/schubert-jutta.de\/?page_id=2"},"modified":"2026-02-26T16:56:38","modified_gmt":"2026-02-26T16:56:38","slug":"aktuelles","status":"publish","type":"page","link":"https:\/\/www.schubert-jutta.de\/","title":{"rendered":"Willkommen"},"content":{"rendered":"\n<div class=\"wp-block-group is-nowrap is-layout-flex wp-container-core-group-is-layout-ad2f72ca wp-block-group-is-layout-flex\">\n<figure class=\"wp-block-image size-full\"><img loading=\"lazy\" decoding=\"async\" width=\"558\" height=\"843\" src=\"https:\/\/www.schubert-jutta.de\/wp-content\/uploads\/image001-1.jpg\" alt=\"\" class=\"wp-image-1756\" srcset=\"https:\/\/www.schubert-jutta.de\/wp-content\/uploads\/image001-1.jpg 558w, https:\/\/www.schubert-jutta.de\/wp-content\/uploads\/image001-1-199x300.jpg 199w, https:\/\/www.schubert-jutta.de\/wp-content\/uploads\/image001-1-300x453.jpg 300w\" sizes=\"auto, (max-width: 558px) 100vw, 558px\" \/><\/figure>\n\n\n\n<p><strong>Neuerscheinung November 2025:<br \/>&#8222;Weder Gl\u00fcck noch Ungl\u00fcck&#8220;<\/strong><br \/>Erz\u00e4hlungen<br \/>Kulturmaschinen Verlag, 2025<br \/>Geschichten \u00fcber die Liebe, die Jugend und das Alter, \u00fcber Festhalten und Loslassen.<\/p>\n<\/div>\n\n\n\n<p><br \/><strong>Vorank\u00fcndigung 2026:<\/strong><br \/>&#8222;<strong>Das Verm\u00e4chtnis der Seefahrer<\/strong>&#8222;<br \/>Gesammelte Gedichte<br \/>Kulturmaschinen Verlag, Herbst 2026<br \/>Meine Gedichte von den sp\u00e4ten 1980er Jahren, mit denen ich beim Literarischen M\u00e4rz in Darmstadt eingeladen war, \u00fcber den Zyklus der Venedig-Gedichte <strong>&#8222;Unter dem Haus das Meer&#8220;<\/strong> bis zu den neuesten Texten. Bereits Ver\u00f6ffentlichtes ebenso wie noch Unver\u00f6ffentlichtes.<\/p>\n\n\n<div class=\"wp-block-image\">\n<figure class=\"aligncenter size-full is-resized\"><img loading=\"lazy\" decoding=\"async\" width=\"550\" height=\"866\" src=\"https:\/\/www.schubert-jutta.de\/wp-content\/uploads\/KM-schubert_prag-front.jpg\" alt=\"\" class=\"wp-image-1667\" style=\"width:363px;height:auto\" srcset=\"https:\/\/www.schubert-jutta.de\/wp-content\/uploads\/KM-schubert_prag-front.jpg 550w, https:\/\/www.schubert-jutta.de\/wp-content\/uploads\/KM-schubert_prag-front-191x300.jpg 191w, https:\/\/www.schubert-jutta.de\/wp-content\/uploads\/KM-schubert_prag-front-300x472.jpg 300w\" sizes=\"auto, (max-width: 550px) 100vw, 550px\" \/><\/figure>\n<\/div>\n\n\n<p><strong>&#8222;Briefe aus Prag&#8220;<\/strong><br \/>Die \u201eBriefe aus Prag\u201c entstanden w\u00e4hrend eines einmonatigen Autorenstipendiums des Hessischen Literaturrats in Zusammenarbeit mit dem Prager Literaturhaus im November 2014 in Prag. Sie wurden w\u00e4hrend meines Prag-Aufenthalts t\u00e4glich als Blog im Internet ver\u00f6ffentlicht und sind anl\u00e4sslich des 100. Todesjahres Franz Kafkas erstmals in Buchform erschienen.<br \/>Briefe aus Prag, <a href=\"https:\/\/kulturmaschinen.com\/produkt\/briefe-aus-prag\/\" data-type=\"link\" data-id=\"https:\/\/kulturmaschinen.com\/produkt\/briefe-aus-prag\/\">Kulturmaschinen-Verlag<\/a>, Ochsenfurt 2024<br \/><a href=\"https:\/\/kulturmaschinen.com\/pressematerial-briefe-aus-prag-von-jutta-schubert-2\/\">Pressematerial<\/a><\/p>\n\n\n<div class=\"wp-block-image\">\n<figure class=\"aligncenter size-large is-resized\"><img loading=\"lazy\" decoding=\"async\" width=\"600\" height=\"955\" src=\"https:\/\/www.schubert-jutta.de\/wp-content\/uploads\/Cover_Sein-oder-Hier-sein-600x955.jpg\" alt=\"\" class=\"wp-image-1659\" style=\"width:263px;height:auto\" srcset=\"https:\/\/www.schubert-jutta.de\/wp-content\/uploads\/Cover_Sein-oder-Hier-sein-600x955.jpg 600w, https:\/\/www.schubert-jutta.de\/wp-content\/uploads\/Cover_Sein-oder-Hier-sein-188x300.jpg 188w, https:\/\/www.schubert-jutta.de\/wp-content\/uploads\/Cover_Sein-oder-Hier-sein-300x478.jpg 300w, https:\/\/www.schubert-jutta.de\/wp-content\/uploads\/Cover_Sein-oder-Hier-sein.jpg 720w\" sizes=\"auto, (max-width: 600px) 100vw, 600px\" \/><\/figure>\n<\/div>\n\n\n<p><strong>&#8222;Sein oder hier sein&#8220;, 48 Minidramen von A bis Z<\/strong><br \/>Diese Minidramen entstanden zu tagespolitischen Anl\u00e4ssen, aktuellen Geschehnissen und als Reaktion auf den t\u00e4glichen Wahnsinn. Es sind sehr kurze Szenen, Momentaufnahmen, winzige Theaterst\u00fccke mit knappen Dialogen. Sie fangen jeweils eine einzige Situation ein und treiben sie auf die Spitze. Sie sind lustig und pointiert, dramatisch und grotesk, melancholisch und erschreckend, skurril und \u00fcberraschend.<br \/>Sein oder hier sein, Edition Maya, Bingen und Berlin, 2024, ISBN 978-3-930758-88-3, geb. 24 Euro<\/p>\n\n\n<div class=\"wp-block-image\">\n<figure class=\"aligncenter size-full\"><img loading=\"lazy\" decoding=\"async\" width=\"481\" height=\"487\" src=\"https:\/\/www.schubert-jutta.de\/wp-content\/uploads\/425275978_10233299557176720_4365990561309458600_n.jpg\" alt=\"\" class=\"wp-image-1650\" srcset=\"https:\/\/www.schubert-jutta.de\/wp-content\/uploads\/425275978_10233299557176720_4365990561309458600_n.jpg 481w, https:\/\/www.schubert-jutta.de\/wp-content\/uploads\/425275978_10233299557176720_4365990561309458600_n-296x300.jpg 296w, https:\/\/www.schubert-jutta.de\/wp-content\/uploads\/425275978_10233299557176720_4365990561309458600_n-300x304.jpg 300w\" sizes=\"auto, (max-width: 481px) 100vw, 481px\" \/><\/figure>\n<\/div>\n\n\n<p><strong>&#8222;Casanovas Nacht&#8220;<\/strong><br \/>Casanova erinnert sich w\u00e4hrend einer Nacht in einer sch\u00e4bigen Herberge an seine abgelebten Geliebten und philosophiert \u00fcber den Sinn des Lebens. Er kommt dabei zu einer fulminanten Erkenntnis.<br \/>In der beliebten Reihe der Pixi-B\u00fccher f\u00fcr Erwachsene des Literatur Quickie Verlages, Hamburg, ist meine Kom\u00f6die \u00fcber Casanova als Band 169 erschienen.<\/p>\n\n\n<div class=\"wp-block-image\">\n<figure class=\"aligncenter size-large is-resized\"><a href=\"https:\/\/kulturmaschinen.com\/produkt\/der-mond-ist-ein-licht-in-der-nacht\/\" target=\"_blank\" rel=\"noreferrer noopener\"><img loading=\"lazy\" decoding=\"async\" width=\"600\" height=\"914\" src=\"https:\/\/www.schubert-jutta.de\/wp-content\/uploads\/schubert_mond-front-300-600x914.jpg\" alt=\"\" class=\"wp-image-1627\" style=\"width:435px;height:auto\" srcset=\"https:\/\/www.schubert-jutta.de\/wp-content\/uploads\/schubert_mond-front-300-600x914.jpg 600w, https:\/\/www.schubert-jutta.de\/wp-content\/uploads\/schubert_mond-front-300-197x300.jpg 197w, https:\/\/www.schubert-jutta.de\/wp-content\/uploads\/schubert_mond-front-300-768x1169.jpg 768w, https:\/\/www.schubert-jutta.de\/wp-content\/uploads\/schubert_mond-front-300-1009x1536.jpg 1009w, https:\/\/www.schubert-jutta.de\/wp-content\/uploads\/schubert_mond-front-300-1345x2048.jpg 1345w, https:\/\/www.schubert-jutta.de\/wp-content\/uploads\/schubert_mond-front-300-300x457.jpg 300w, https:\/\/www.schubert-jutta.de\/wp-content\/uploads\/schubert_mond-front-300-850x1294.jpg 850w, https:\/\/www.schubert-jutta.de\/wp-content\/uploads\/schubert_mond-front-300.jpg 1659w\" sizes=\"auto, (max-width: 600px) 100vw, 600px\" \/><\/a><\/figure>\n<\/div>\n\n\n<p><strong>Mein Erz\u00e4hlband &#8222;Der Mond ist ein Licht in der Nacht&#8220;<\/strong><br \/>Die Erz\u00e4hlungen kreisen um die Themen Abschied, Verg\u00e4nglichkeit, Trennung und Flucht. Es geht darum, etwas zu bewahren, um das Leben weiterhin zu bestehen. Vom Vergehen der Jugend bis zum beschwerlichen Alter. In allen Geschichten spielt der Mond motivisch eine Rolle, mal zentral, mal eher beil\u00e4ufig. <br \/>Der Mond ist ein Licht in der Nacht, <a href=\"https:\/\/kulturmaschinen.com\/produkt\/der-mond-ist-ein-licht-in-der-nacht\/\">Kulturmaschinen Verlag<\/a>, Ochsenfurt<br \/><a href=\"https:\/\/kulturmaschinen.com\/pressematerial-zu-der-mond-ist-ein-licht-in-der-nacht-von-jutta-schubert\/\">Pressematerial<\/a><\/p>\n\n\n<div class=\"wp-block-image\">\n<figure class=\"aligncenter size-large is-resized\"><a href=\"https:\/\/kulturmaschinen.com\/produkt\/rettungen-2\/\" target=\"_blank\" rel=\"noopener\"><img loading=\"lazy\" decoding=\"async\" width=\"600\" height=\"902\" src=\"https:\/\/www.schubert-jutta.de\/wp-content\/uploads\/js-rett-600x902.png\" alt=\"\" class=\"wp-image-1381\" style=\"width:435px;height:auto\" srcset=\"https:\/\/www.schubert-jutta.de\/wp-content\/uploads\/js-rett-600x902.png 600w, https:\/\/www.schubert-jutta.de\/wp-content\/uploads\/js-rett-200x300.png 200w, https:\/\/www.schubert-jutta.de\/wp-content\/uploads\/js-rett-768x1154.png 768w, https:\/\/www.schubert-jutta.de\/wp-content\/uploads\/js-rett-1022x1536.png 1022w, https:\/\/www.schubert-jutta.de\/wp-content\/uploads\/js-rett.png 1252w\" sizes=\"auto, (max-width: 600px) 100vw, 600px\" \/><\/a><\/figure>\n<\/div>\n\n\n<p><strong>Mein Erz\u00e4hlband &#8222;Rettungen&#8220;<\/strong><br \/>Von kleinen Fluchten bis zu Rettungen in letzter Sekunde erz\u00e4hlt dieser Band, und davon, dass Auswege und Neuanf\u00e4nge m\u00f6glich sind. Die rasant erz\u00e4hlten Geschichten durchk\u00e4mmen die Gedankenwelt der Heldinnen und Helden, kreisen um den Kern der Konflikte, zwingen zu Entscheidungen, holen die Figuren aus ihrer Komfortzone.<br \/><a href=\"https:\/\/kulturmaschinen.com\/produkt\/rettungen-2\/\" target=\"_blank\" rel=\"noreferrer noopener\">Kulturmaschinen Verlag<\/a>, Ochsenfurt<\/p>\n\n\n\n<p><a rel=\"noreferrer noopener\" href=\"https:\/\/kulturmaschinen.com\/pressematerial-zu-rettungen-von-jutta-schubert\/\" target=\"_blank\">Zum Pressematerial des Verlags<br \/><\/a><\/p>\n\n\n<div class=\"wp-block-image\">\n<figure class=\"aligncenter\"><a href=\"http:\/\/schubert-jutta.de\/aktuelles\/mskcmtr3\/\" rel=\"attachment wp-att-312\"><img loading=\"lazy\" decoding=\"async\" width=\"70\" height=\"47\" src=\"http:\/\/schubert-jutta.de\/wp-content\/uploads\/MSKCMTR3.gif\" alt=\"\" class=\"wp-image-312\"\/><\/a><\/figure>\n<\/div>\n\n\n<p><strong>Auf der Frankfurter Buchmesse<\/strong><br \/>Am Samstag, dem 13. Oktober 2018, habe ich auf der Frankfurter Buchmesse meine B\u00fccher in einem Gespr\u00e4ch mit der Journalistin Kathrin Schwedler und dem Verleger Axel Dielmann am <strong>Messestand des Hessischen Literaturrats <\/strong>vorgestellt.<\/p>\n\n\n<div class=\"wp-block-image\">\n<figure class=\"alignleft is-resized\"><a href=\"https:\/\/www.schubert-jutta.de\/aktuelles\/dscn2218\/\" rel=\"attachment wp-att-1235\"><img loading=\"lazy\" decoding=\"async\" width=\"600\" height=\"450\" src=\"https:\/\/www.schubert-jutta.de\/wp-content\/uploads\/DSCN2218-600x450.jpg\" alt=\"\" class=\"wp-image-1235\" style=\"width:600px;height:auto\" srcset=\"https:\/\/www.schubert-jutta.de\/wp-content\/uploads\/DSCN2218-600x450.jpg 600w, https:\/\/www.schubert-jutta.de\/wp-content\/uploads\/DSCN2218-300x225.jpg 300w, https:\/\/www.schubert-jutta.de\/wp-content\/uploads\/DSCN2218-768x576.jpg 768w, https:\/\/www.schubert-jutta.de\/wp-content\/uploads\/DSCN2218-400x300.jpg 400w\" sizes=\"auto, (max-width: 600px) 100vw, 600px\" \/><\/a><\/figure>\n<\/div>\n\n\n<p><\/p>\n\n\n\n<p><\/p>\n\n\n\n<p><\/p>\n\n\n\n<p><\/p>\n\n\n\n<p><\/p>\n\n\n\n<p><\/p>\n\n\n\n<h4 class=\"wp-block-heading\"><strong>Mein letzter Literatur-Vortrag im <em>&#8218;Literarischen Wohnzimmer&#8216;<\/em> des Kranichsteiner Literaturverlags, Darmstadt.<\/strong> <strong>Bevor leider auch diese regelm\u00e4\u00dfige Veranstaltungsreihe der Corona-Krise zum Opfer fiel<\/strong>.<\/h4>\n\n\n\n<p>Am Sonntag, dem <strong>23. September 2018<\/strong> habe ich ab 11 Uhr Leben und Werk der Autorin und gro\u00dfen Weltreisenden Annemarie Schwarzenbach vorgestellt.<\/p>\n\n\n<div class=\"wp-block-image\">\n<figure class=\"alignleft\"><a href=\"https:\/\/www.schubert-jutta.de\/aktuelles\/img_4334\/\" rel=\"attachment wp-att-1035\"><img loading=\"lazy\" decoding=\"async\" width=\"932\" height=\"1024\" src=\"https:\/\/www.schubert-jutta.de\/wp-content\/uploads\/IMG_4334-932x1024.jpg\" alt=\"\" class=\"wp-image-1035\" srcset=\"https:\/\/www.schubert-jutta.de\/wp-content\/uploads\/IMG_4334-932x1024.jpg 932w, https:\/\/www.schubert-jutta.de\/wp-content\/uploads\/IMG_4334-273x300.jpg 273w, https:\/\/www.schubert-jutta.de\/wp-content\/uploads\/IMG_4334-768x844.jpg 768w\" sizes=\"auto, (max-width: 932px) 100vw, 932px\" \/><\/a><\/figure>\n<\/div>\n\n<div class=\"wp-block-image\">\n<figure class=\"aligncenter\"><a href=\"http:\/\/schubert-jutta.de\/aktuelles\/mskcmtr3\/\" rel=\"attachment wp-att-312\"><img loading=\"lazy\" decoding=\"async\" width=\"70\" height=\"47\" src=\"http:\/\/schubert-jutta.de\/wp-content\/uploads\/MSKCMTR3.gif\" alt=\"\" class=\"wp-image-312\"\/><\/a><\/figure>\n<\/div>\n\n\n<p>Anl\u00e4sslich des 75. Todestages von Alexander Schmorell und Prof. Kurt Huber las ich am Donnerstag, <strong>12. Juli 2018<\/strong> um <b>20 Uhr<\/b> <strong>in M\u00fcnchen. Veranstaltungsort: Seidl-Villa (Nikolaiplatz, Schwabing)<\/strong> aus der Neuauflage meines Romans &#8222;<a href=\"https:\/\/www.amazon.de\/blau-Himmel-Februar-Alexander-Schmorell\/dp\/386638226X\/ref=sr_1_1?s=books&amp;ie=UTF8&amp;qid=1533471636&amp;sr=1-1&amp;keywords=Zu+blau+der+Himmel+im+Februar\" target=\"_blank\" rel=\"noopener noreferrer\"><strong>Zu blau der Himmel im Februar<\/strong><\/a>&#8222;.<\/p>\n\n\n<div class=\"wp-block-image\">\n<figure class=\"aligncenter\"><a href=\"https:\/\/www.schubert-jutta.de\/aktuelles\/lesung-mu%cc%88nchen-juli-2018\/\" rel=\"attachment wp-att-1165\"><img decoding=\"async\" src=\"https:\/\/www.schubert-jutta.de\/wp-content\/uploads\/Lesung-M\u00fcnchen-Juli-2018-600x506.jpg\" alt=\"\" class=\"wp-image-1165\"\/><\/a><\/figure>\n<\/div>\n\n\n<p>Die Lesung wurde veranstaltet von der Wei\u00dfe Rose Stiftung in Zusammenarbeit mit MIR e.V., dem Zentrum f\u00fcr russische Kultur.<\/p>\n\n\n\n<p><strong>Aus&nbsp; dem MIR &#8211; G\u00e4stebuch der Veranstaltung:<\/strong><\/p>\n\n\n\n<p>&#8222;Viel Erfolg f\u00fcr die deutsch-russische Freundschaft!&#8220;<br \/>(Markus Schmorell)<\/p>\n\n\n\n<p>\u201eIn Dankbarkeit f\u00fcr einen sehr ergreifenden Abend am 12 Juli 2018.\u201c<br \/>(Wolfgang Huber)<\/p>\n\n\n\n<p>\u201eHerzlichen Dank f\u00fcr die Einladung, an diesem besonderen Abend dabei zu sein. In Gedenken an Alexander Schmorell und Prof. Kurt Huber. Wir tragen ihren Mut und ihre Botschaft weiter!\u201c<br \/>(Jutta Schubert)<\/p>\n\n\n\n<p>\u201eDanke f\u00fcr den beeindruckenden Abend in Wort und Musik und viele Anregung zum Nachdenken und Handeln im Sinne von MIR \u2013 Frieden und Verst\u00e4ndigung der V\u00f6lker!\u201c<br \/>(Helene Bauer)<\/p>\n\n\n\n<p>\u201eSehr interessante Vorstellung. Dass die russisch-orthodoxe Kirche Alexander Schmorell heilig gesprochen hat, war mir neu \u2013 na ja! \u2013 ob er das wollte???\u201c<br \/>(Helena Mann)<\/p>\n\n\n<div class=\"wp-block-image\">\n<figure class=\"aligncenter\"><a href=\"https:\/\/www.schubert-jutta.de\/aktuelles\/mskcmtr3\/\" rel=\"attachment wp-att-312\"><img loading=\"lazy\" decoding=\"async\" width=\"70\" height=\"47\" src=\"https:\/\/www.schubert-jutta.de\/wp-content\/uploads\/MSKCMTR3.gif\" alt=\"\" class=\"wp-image-312\"\/><\/a><\/figure>\n<\/div>\n\n<div class=\"wp-block-image\">\n<figure class=\"aligncenter\"><a href=\"http:\/\/schubert-jutta.de\/aktuelles\/img_4327-2\/\" rel=\"attachment wp-att-1025\"><img loading=\"lazy\" decoding=\"async\" width=\"1024\" height=\"768\" src=\"http:\/\/schubert-jutta.de\/wp-content\/uploads\/IMG_4327-2-1024x768.jpg\" alt=\"\" class=\"wp-image-1025\" srcset=\"https:\/\/www.schubert-jutta.de\/wp-content\/uploads\/IMG_4327-2-1024x768.jpg 1024w, https:\/\/www.schubert-jutta.de\/wp-content\/uploads\/IMG_4327-2-300x225.jpg 300w, https:\/\/www.schubert-jutta.de\/wp-content\/uploads\/IMG_4327-2-768x576.jpg 768w, https:\/\/www.schubert-jutta.de\/wp-content\/uploads\/IMG_4327-2-400x300.jpg 400w\" sizes=\"auto, (max-width: 1024px) 100vw, 1024px\" \/><\/a><\/figure>\n<\/div>\n\n\n<p>Anl\u00e4sslich des 100. Geburtstags des Widerstandsk\u00e4mpfers Alexander Schmorell ist die \u00fcberarbeitete <strong>Neuauflage<\/strong> meines Romans <a href=\"http:\/\/www.dielmann-verlag.de\/de\/content\/Schubert-Jutta\/~nm.18~nc.57\/Gesamtliste.html\" target=\"_blank\" rel=\"noopener noreferrer\"><strong>&#8222;Zu blau der Himmel im Februar&#8220;<\/strong><\/a>&nbsp; im Axel Dielmann Verlag, Frankfurt erschienen.<span style=\"color: #0000ff;\"><strong> <\/strong><span style=\"color: #000000;\">Die Lesung am 24. Oktober 2017 in der <em>Buchecke Schierstein<\/em> war so gut besucht, dass der Buchh\u00e4ndler noch zus\u00e4tzliche St\u00fchle und eine Bank herbeischleppen musste. <\/span><\/span><\/p>\n\n\n<div class=\"wp-block-image\">\n<figure class=\"aligncenter\"><a href=\"http:\/\/schubert-jutta.de\/aktuelles\/mskcmtr3\/\" rel=\"attachment wp-att-312\"><img loading=\"lazy\" decoding=\"async\" width=\"70\" height=\"47\" src=\"http:\/\/schubert-jutta.de\/wp-content\/uploads\/MSKCMTR3.gif\" alt=\"\" class=\"wp-image-312\"\/><\/a><\/figure>\n<\/div>\n\n\n<p>Nun ist die kleine Lesereise zum 100. Geburtstag von Alexander Schmorell, die sie rund um die Buchmesse absolviert hat, erstmal beendet. Jeder Lesungsort war besonders, vor allem auch auf der Buchmesse selbst, wo sie Gast am russischen Stand war, aber auch im sch\u00f6nen Weingarten, zu der das Studentenwerk Wei\u00dfe Rose e.V. geladen hatte, und auf der Veranstaltung der Caliban Literaturwerkstatt in Wiesbaden; aber die gestrige Lesung in der Buchhandlung von Andreas Dieterle war doch ein H\u00f6hepunkt der kleinen Lesetour.<span style=\"color: #0000ff;\">Die Presse zur Lesung vom<\/span><strong> Montag, 09. Oktober 2017<\/strong><br \/>im Studentenwerk Wei\u00dfe Rose e.V.<br \/>Briachstra\u00dfe 10, 88250 Weingarten<br \/><a href=\"http:\/\/www.studentenwerk-weisserose.de\/\" target=\"_blank\" rel=\"noopener noreferrer\">www.studentenwerk-weisserose.de<\/a><\/p>\n\n\n<div class=\"wp-block-image\">\n<figure class=\"aligncenter\"><a href=\"http:\/\/schubert-jutta.de\/aktuelles\/2017_10_16_artikel-schmorell\/\" rel=\"attachment wp-att-1023\"><img loading=\"lazy\" decoding=\"async\" width=\"1024\" height=\"967\" src=\"http:\/\/schubert-jutta.de\/wp-content\/uploads\/2017_10_16_Artikel-Schmorell-1024x967.png\" alt=\"\" class=\"wp-image-1023\" srcset=\"https:\/\/www.schubert-jutta.de\/wp-content\/uploads\/2017_10_16_Artikel-Schmorell-1024x967.png 1024w, https:\/\/www.schubert-jutta.de\/wp-content\/uploads\/2017_10_16_Artikel-Schmorell-300x283.png 300w, https:\/\/www.schubert-jutta.de\/wp-content\/uploads\/2017_10_16_Artikel-Schmorell-768x725.png 768w, https:\/\/www.schubert-jutta.de\/wp-content\/uploads\/2017_10_16_Artikel-Schmorell-318x300.png 318w, https:\/\/www.schubert-jutta.de\/wp-content\/uploads\/2017_10_16_Artikel-Schmorell.png 1259w\" sizes=\"auto, (max-width: 1024px) 100vw, 1024px\" \/><\/a><\/figure>\n<\/div>\n\n<div class=\"wp-block-image\">\n<figure class=\"aligncenter\"><a href=\"http:\/\/schubert-jutta.de\/aktuelles\/mskcmtr3\/\" rel=\"attachment wp-att-312\"><img loading=\"lazy\" decoding=\"async\" width=\"70\" height=\"47\" src=\"http:\/\/schubert-jutta.de\/wp-content\/uploads\/MSKCMTR3.gif\" alt=\"\" class=\"wp-image-312\"\/><\/a><\/figure>\n<\/div>\n\n\n<p><a href=\"http:\/\/www.wiesbadener-kurier.de\/lokales\/wiesbaden\/nachrichten-wiesbaden\/der-unbekannte-widerstandskaempfer--jutta-schubert-stellt-ihren-roman-ueber-den-weisse-rose-mitbegruender-alexander-schmorell-vor_18233025.htm\" target=\"_blank\" rel=\"noopener noreferrer\">Die Presse zur Lesung vom <strong>Donnerstag, 05. Oktober 2017<\/strong><\/a><br \/>im Hilde-M\u00fcller- Haus, Wallufer Platz 2, 65197 Wiesbaden<br \/>Moderation: Dr. Michael For\u00dfbohm<br \/>Eine Veranstaltung der Caliban Literaturwerkstatt e.V. Wiesbaden<\/p>\n\n\n<div class=\"wp-block-image\">\n<figure class=\"aligncenter\"><a href=\"http:\/\/www.wiesbadener-kurier.de\/lokales\/wiesbaden\/nachrichten-wiesbaden\/der-unbekannte-widerstandskaempfer--jutta-schubert-stellt-ihren-roman-ueber-den-weisse-rose-mitbegruender-alexander-schmorell-vor_18233025.htm\" target=\"_blank\" rel=\"noopener noreferrer\"><img loading=\"lazy\" decoding=\"async\" width=\"991\" height=\"1024\" src=\"http:\/\/schubert-jutta.de\/wp-content\/uploads\/IMG_4279-991x1024.jpg\" alt=\"\" class=\"wp-image-960\" srcset=\"https:\/\/www.schubert-jutta.de\/wp-content\/uploads\/IMG_4279-991x1024.jpg 991w, https:\/\/www.schubert-jutta.de\/wp-content\/uploads\/IMG_4279-290x300.jpg 290w, https:\/\/www.schubert-jutta.de\/wp-content\/uploads\/IMG_4279-768x794.jpg 768w\" sizes=\"auto, (max-width: 991px) 100vw, 991px\" \/><\/a><\/figure>\n<\/div>\n\n<div class=\"wp-block-image\">\n<figure class=\"aligncenter\"><a href=\"https:\/\/www.amazon.de\/blau-Himmel-Februar-Alexander-Schmorell\/dp\/386638226X\/ref=sr_1_2?s=books&amp;ie=UTF8&amp;qid=1498738209&amp;sr=1-2&amp;keywords=Jutta+Schubert\" target=\"_blank\" rel=\"attachment wp-att-818 noopener noreferrer\"><img loading=\"lazy\" decoding=\"async\" width=\"388\" height=\"639\" src=\"http:\/\/schubert-jutta.de\/wp-content\/uploads\/Bildschirmfoto-2016-09-13-um-16.35.47.png\" alt=\"bildschirmfoto-2016-09-13-um-16-35-47\" class=\"wp-image-818\" srcset=\"https:\/\/www.schubert-jutta.de\/wp-content\/uploads\/Bildschirmfoto-2016-09-13-um-16.35.47.png 388w, https:\/\/www.schubert-jutta.de\/wp-content\/uploads\/Bildschirmfoto-2016-09-13-um-16.35.47-182x300.png 182w\" sizes=\"auto, (max-width: 388px) 100vw, 388px\" \/><\/a><\/figure>\n<\/div>\n\n\n<p>Softcover mit Schutzumschlag, 160 Seiten, ISBN&nbsp;978-3-86638-226-8,&nbsp;16.00 \u20ac<\/p>\n\n\n\n<p>Der Roman \u00fcber Alexander Schmorell, der mit Hans Scholl ab Juni 1942 Flugbl\u00e4tter gegen das Naziregime verfasste und verteilte, war zuerst beim Kulturmaschinen Verlag erschienen und dort ein Seller \u2013 die Erstauflage ist vergriffen. Der Roman erz\u00e4hlt die letzten Tage der Flucht Alexander Schmorells nach der Verhaftung von Hans und Sophie Scholl.<\/p>\n\n\n\n<h3 class=\"wp-block-heading\"><strong>Im September 2016 war ich i<\/strong>m Rahmen eines deutsch-russischen Kulturaustausches <strong>zu Lesungen aus dem Roman in die Geburtsstadt Alexander Schmorells <\/strong>nach Orenburg in Russland eingeladen.<\/h3>\n\n\n\n<p>Orenburg liegt an der Grenze zwischen Europa und Asien, s\u00fcdlich des Uralgebirges<\/p>\n\n\n<div class=\"wp-block-image\">\n<figure class=\"aligncenter\"><a href=\"http:\/\/schubert-jutta.de\/aktuelles\/mskcmtr3\/\" rel=\"attachment wp-att-312\"><img loading=\"lazy\" decoding=\"async\" width=\"70\" height=\"47\" src=\"http:\/\/schubert-jutta.de\/wp-content\/uploads\/MSKCMTR3.gif\" alt=\"MSKCMTR3\" class=\"wp-image-312\"\/><\/a><\/figure>\n<\/div>\n\n\n<p><strong><span style=\"color: #0000ff;\">Lesung beim Kranichsteiner Literaturverlag: &#8222;Das literarische Wohnzimmer&#8220;<\/span><\/strong><\/p>\n\n\n\n<p>Die Wiesbadener Autorin <a class=\"profileLink\" href=\"https:\/\/www.facebook.com\/jutta.schubert.52?fref=mentions\" data-hovercard=\"\/ajax\/hovercard\/user.php?id=1406285972&amp;extragetparams=%7B%22fref%22%3A%22mentions%22%7D\" data-hovercard-prefer-more-content-show=\"1\">Jutta Schubert<\/a> stellte am Sonntag, dem 21. Mai 2017, im Kranichsteiner Literaturverlag Leben und Werk der Lyrikerin HILDE DOMIN vor.<\/p>\n\n\n<div class=\"wp-block-image\">\n<figure class=\"aligncenter\"><a href=\"http:\/\/schubert-jutta.de\/aktuelles\/img_3855\/\" rel=\"attachment wp-att-872\"><img loading=\"lazy\" decoding=\"async\" width=\"1024\" height=\"768\" src=\"http:\/\/schubert-jutta.de\/wp-content\/uploads\/IMG_3855-1024x768.jpg\" alt=\"\" class=\"wp-image-872\" srcset=\"https:\/\/www.schubert-jutta.de\/wp-content\/uploads\/IMG_3855-1024x768.jpg 1024w, https:\/\/www.schubert-jutta.de\/wp-content\/uploads\/IMG_3855-300x225.jpg 300w, https:\/\/www.schubert-jutta.de\/wp-content\/uploads\/IMG_3855-768x576.jpg 768w, https:\/\/www.schubert-jutta.de\/wp-content\/uploads\/IMG_3855-400x300.jpg 400w\" sizes=\"auto, (max-width: 1024px) 100vw, 1024px\" \/><\/a><\/figure>\n<\/div>\n\n\n<h6 class=\"wp-block-heading\"><a href=\"http:\/\/schubert-jutta.de\/aktuelles\/mskcmtr3\/\" rel=\"attachment wp-att-312\"><img loading=\"lazy\" decoding=\"async\" class=\"aligncenter size-full wp-image-312\" src=\"http:\/\/schubert-jutta.de\/wp-content\/uploads\/MSKCMTR3.gif\" alt=\"\" width=\"70\" height=\"47\"\/><\/a><strong>Jutta Schubert in der Leipziger Fotoausstellung von Ramun\u00e9 Pigagait\u00e9<\/strong> &#8211; anl\u00e4sslich&nbsp; der diesj\u00e4hrigen Leipziger Buchmesse:<\/h6>\n\n\n<div class=\"wp-block-image\">\n<figure class=\"aligncenter\"><a href=\"http:\/\/schubert-jutta.de\/aktuelles\/mskcmtr3\/\" rel=\"attachment wp-att-312\"><img loading=\"lazy\" decoding=\"async\" width=\"70\" height=\"47\" src=\"http:\/\/schubert-jutta.de\/wp-content\/uploads\/MSKCMTR3.gif\" alt=\"MSKCMTR3\" class=\"wp-image-312\"\/><\/a><\/figure>\n<\/div>\n\n\n<p><strong>Ende September erschien<\/strong> im Wiesbadener Kurier ein sehr lesenswertes Autoren-Portr\u00e4t, das mich und meine Arbeit vorstellt. Um zum Artikel zu gelangen, bitte das Bild anklicken.<\/p>\n\n\n<div class=\"wp-block-image\">\n<figure class=\"aligncenter\"><a href=\"http:\/\/www.wiesbadener-kurier.de\/lokales\/wiesbaden\/stadtteile-wiesbaden\/schierstein\/jutta-schubert-aus-schierstein-liebt-ihren-beruf-als-autorin-und-theaterregisseurin_17320574.htm\" target=\"_blank\" rel=\"attachment wp-att-820 noopener noreferrer\"><img loading=\"lazy\" decoding=\"async\" width=\"708\" height=\"606\" src=\"http:\/\/schubert-jutta.de\/wp-content\/uploads\/Bildschirmfoto-2016-10-17-um-13.51.56.png\" alt=\"bildschirmfoto-2016-10-17-um-13-51-56\" class=\"wp-image-820\" srcset=\"https:\/\/www.schubert-jutta.de\/wp-content\/uploads\/Bildschirmfoto-2016-10-17-um-13.51.56.png 708w, https:\/\/www.schubert-jutta.de\/wp-content\/uploads\/Bildschirmfoto-2016-10-17-um-13.51.56-300x257.png 300w, https:\/\/www.schubert-jutta.de\/wp-content\/uploads\/Bildschirmfoto-2016-10-17-um-13.51.56-350x300.png 350w\" sizes=\"auto, (max-width: 708px) 100vw, 708px\" \/><\/a><\/figure>\n<\/div>\n\n<div class=\"wp-block-image\">\n<figure class=\"aligncenter\"><a href=\"http:\/\/schubert-jutta.de\/aktuelles\/mskcmtr3\/\" rel=\"attachment wp-att-312\"><img loading=\"lazy\" decoding=\"async\" width=\"70\" height=\"47\" src=\"http:\/\/schubert-jutta.de\/wp-content\/uploads\/MSKCMTR3.gif\" alt=\"MSKCMTR3\" class=\"wp-image-312\"\/><\/a><\/figure>\n<\/div>\n\n\n<p><strong>Die Nacht mit Marilyn: <\/strong>Erz\u00e4hlzyklus,<a href=\"http:\/\/www.dielmann-verlag.de\/de\/content\/Schubert-Jutta\/~nm.18~nc.57\/Gesamtliste.html#x\" target=\"_blank\" rel=\"noopener noreferrer\"> axel dielmann &#8211; verlag<\/a>, Ffm, 304 Seiten, Schw\u00e4bische Broschur, Schutzumschlag, ISBN 978 3 86638 193 3, 18,00 Euro<\/p>\n\n\n<div class=\"wp-block-image\">\n<figure class=\"aligncenter\"><a href=\"https:\/\/www.amazon.de\/Die-Nacht-mit-Marilyn-Erz\u00e4hl-Zyklus\/dp\/386638193X\/ref=pd_rhf_dp_p_img_1?ie=UTF8&amp;psc=1&amp;refRID=WWN6P0J5TS205C2MWKPB\" target=\"_blank\" rel=\"attachment wp-att-601 noopener noreferrer\"><img loading=\"lazy\" decoding=\"async\" width=\"374\" height=\"600\" src=\"http:\/\/schubert-jutta.de\/wp-content\/uploads\/Marilyn.png\" alt=\"Marilyn\" class=\"wp-image-601\" srcset=\"https:\/\/www.schubert-jutta.de\/wp-content\/uploads\/Marilyn.png 374w, https:\/\/www.schubert-jutta.de\/wp-content\/uploads\/Marilyn-187x300.png 187w\" sizes=\"auto, (max-width: 374px) 100vw, 374px\" \/><\/a><\/figure>\n<\/div>\n\n\n<p>Nach meiner Lesung in den Opelvillen R\u00fcsselsheim am 28. Januar 2016 schrieb das <strong>&#8222;R\u00fcsselsheimer Echo&#8220;<\/strong> in der Ausgabe vom 1.2.2016:<\/p>\n\n\n\n<p><\/p>\n\n\n<div class=\"wp-block-image\">\n<figure class=\"aligncenter size-large\"><img loading=\"lazy\" decoding=\"async\" width=\"600\" height=\"370\" src=\"https:\/\/www.schubert-jutta.de\/wp-content\/uploads\/Bildschirm\u00adfoto-2023-01-29-um-12.30.34-600x370.png\" alt=\"\" class=\"wp-image-1601\" srcset=\"https:\/\/www.schubert-jutta.de\/wp-content\/uploads\/Bildschirm\u00adfoto-2023-01-29-um-12.30.34-600x370.png 600w, https:\/\/www.schubert-jutta.de\/wp-content\/uploads\/Bildschirm\u00adfoto-2023-01-29-um-12.30.34-300x185.png 300w, https:\/\/www.schubert-jutta.de\/wp-content\/uploads\/Bildschirm\u00adfoto-2023-01-29-um-12.30.34-768x473.png 768w, https:\/\/www.schubert-jutta.de\/wp-content\/uploads\/Bildschirm\u00adfoto-2023-01-29-um-12.30.34-850x524.png 850w, https:\/\/www.schubert-jutta.de\/wp-content\/uploads\/Bildschirm\u00adfoto-2023-01-29-um-12.30.34.png 1496w\" sizes=\"auto, (max-width: 600px) 100vw, 600px\" \/><\/figure>\n<\/div>\n\n<div class=\"wp-block-image\">\n<figure class=\"aligncenter\"><a href=\"http:\/\/schubert-jutta.de\/aktuelles\/mskcmtr3\/\" rel=\"attachment wp-att-312\"><img loading=\"lazy\" decoding=\"async\" width=\"70\" height=\"47\" src=\"http:\/\/schubert-jutta.de\/wp-content\/uploads\/MSKCMTR3.gif\" alt=\"MSKCMTR3\" class=\"wp-image-312\"\/><\/a><\/figure>\n<\/div>\n\n\n<p class=\"has-text-align-center\"><span style=\"color: #0000ff;\"><strong>Zu blau der Himmel im Februar<\/strong><\/span><\/p>\n\n\n\n<h3 class=\"wp-block-heading\"><span style=\"color: #0000ff;\"><strong> Das H\u00f6rbuch zu meinem Roman<\/strong><\/span><\/h3>\n\n\n<div class=\"wp-block-image\">\n<figure class=\"aligncenter\"><img loading=\"lazy\" decoding=\"async\" width=\"1024\" height=\"687\" src=\"http:\/\/schubert-jutta.de\/wp-content\/uploads\/zu-blau-der-Himmel_kl-1024x687.jpg\" alt=\"zu blau der Himmel_kl\" class=\"wp-image-737\" srcset=\"https:\/\/www.schubert-jutta.de\/wp-content\/uploads\/zu-blau-der-Himmel_kl-1024x687.jpg 1024w, https:\/\/www.schubert-jutta.de\/wp-content\/uploads\/zu-blau-der-Himmel_kl-300x201.jpg 300w, https:\/\/www.schubert-jutta.de\/wp-content\/uploads\/zu-blau-der-Himmel_kl-768x515.jpg 768w, https:\/\/www.schubert-jutta.de\/wp-content\/uploads\/zu-blau-der-Himmel_kl-447x300.jpg 447w, https:\/\/www.schubert-jutta.de\/wp-content\/uploads\/zu-blau-der-Himmel_kl.jpg 1352w\" sizes=\"auto, (max-width: 1024px) 100vw, 1024px\" \/><\/figure>\n<\/div>\n\n\n<p class=\"has-text-align-center\"><a href=\"http:\/\/www.amazon.de\/Zu-blau-Himmel-Februar-letzten\/dp\/B01A75GEEI\/ref=sr_1_fkmr0_1?ie=UTF8&amp;qid=1452105695&amp;sr=8-1-fkmr0&amp;keywords=zu+blau+der+himmel+im+februar\" target=\"_blank\" rel=\"noopener noreferrer\"><strong>Zum H\u00f6rbuch-Download:<\/strong> <\/a><\/p>\n\n\n<div class=\"wp-block-image\">\n<figure class=\"aligncenter\"><a href=\"http:\/\/schubert-jutta.de\/aktuelles\/mskcmtr3\/\" rel=\"attachment wp-att-312\"><img loading=\"lazy\" decoding=\"async\" width=\"70\" height=\"47\" src=\"http:\/\/schubert-jutta.de\/wp-content\/uploads\/MSKCMTR3.gif\" alt=\"MSKCMTR3\" class=\"wp-image-312\"\/><\/a><\/figure>\n<\/div>\n\n\n<h3 class=\"wp-block-heading\"><span style=\"color: #0000ff;\">Lesung beim Kranichsteiner Literaturverlag: &#8222;Das literarische Wohnzimmer&#8220;<br \/><span style=\"color: #000000;\">Sonntag 20. M\u00e4rz 2016, 11 Uhr<\/span><\/span><\/h3>\n\n\n\n<p>Jutta Schubert stellt die Autorin Karin Struck vor.<br \/>Karin Struck (1947 &#8211; 2006) war eine engagierte deutsche Autorin. Sie verfasste u.a. die Romane &#8222;Klassenliebe&#8220;, &#8222;Die Mutter&#8220;, &#8222;Lieben&#8220; und &#8222;Ingeborg B. &#8211; Duell mit dem Spiegelbild&#8220;.<\/p>\n\n\n\n<p>Kranichsteiner Literaturverlag, Sandbergstra\u00dfe 36, 64285 Darmstadt<br \/>Weitere Informationen: <a href=\"http:\/\/www.kranichsteiner.de\" target=\"_blank\" rel=\"noopener noreferrer\">www.kranichsteiner.de<\/a><\/p>\n\n\n\n<h2 class=\"wp-block-heading has-text-align-center\"><a href=\"http:\/\/schubert-jutta.de\/wp-content\/uploads\/MSKCMTR3.gif\"><img loading=\"lazy\" decoding=\"async\" class=\"aligncenter size-full wp-image-312\" src=\"http:\/\/schubert-jutta.de\/wp-content\/uploads\/MSKCMTR3.gif\" alt=\"MSKCMTR3\" width=\"70\" height=\"47\"\/><\/a><\/h2>\n\n\n\n<p><strong><span style=\"color: #0000ff;\">Autorenstipendium des Hessischen Kulturrats in Prag<\/span><\/strong><\/p>\n\n\n\n<p>Im November 2014 trat ich mein einmonatiges Autorenstipendium in Prag an.<\/p>\n\n\n\n<p>Es wird vergeben vom Hessischen Literaturrat in Verbindung mit dem Prager Literaturhaus deutschsprachiger Autoren. Ich recherchierte dort f\u00fcr ein Schreibprojekt \u00fcber Franz Kafka und seine Frauen. Zur\u00fcck am heimischen Schreibtisch habe ich die Materialien und Aufzeichnungen meines Stipendienaufenthaltes in Prag geordnet. Ich bin dem Hessischen Kulturrat sehr dankbar f\u00fcr dieses Stipendium, denn ich h\u00e4tte mir den Stoff, an dem ich arbeite, w\u00e4re ich nicht gewisserma\u00dfen &#8218;vor Ort&#8216; gewesen, niemals in der Weise erschlie\u00dfen k\u00f6nnen, die mir in Prag m\u00f6glich war. Wer an meinen Eindr\u00fccken w\u00e4hrend des Monats November 2014 in Prag teilhaben m\u00f6chte, der kann in meinem <a title=\"BLOG\" href=\"http:\/\/schubert-jutta.de\/blog\/\">BLOG die Briefe aus Prag<\/a> verfolgen, die vielleicht sogar einen kleinen Eindruck von dem Prozess vermitteln k\u00f6nnen, in dem Recherche in Fiktion \u00fcberzugehen beginnt. Alles weitere wird dann (hoffentlich) das sp\u00e4tere Buch zeigen, das daraus entstehen soll.<\/p>\n\n\n\n<h1 class=\"wp-block-heading has-text-align-center\"><a href=\"http:\/\/schubert-jutta.de\/wp-content\/uploads\/MSKCMTR3.gif\"><img loading=\"lazy\" decoding=\"async\" class=\"aligncenter size-full wp-image-312\" src=\"http:\/\/schubert-jutta.de\/wp-content\/uploads\/MSKCMTR3.gif\" alt=\"MSKCMTR3\" width=\"70\" height=\"47\"\/><\/a><\/h1>\n\n\n\n<h3 class=\"wp-block-heading\"><span style=\"color: #0000ff;\"><strong>In den P E N gew\u00e4hlt<\/strong><\/span><\/h3>\n\n\n\n<p>Auf der Fr\u00fchjahrstagung 2014 des PEN-Zentrums Deutschland bin ich in den PEN gew\u00e4hlt worden.Diese Zuwahl in die einzige Menschenrechtsorganisation, die sich weltweit f\u00fcr die Rechte verfolgter Schriftsteller einsetzt, ist eine gro\u00dfe Ehre f\u00fcr mich. Ich freue mich darauf, mich k\u00fcnftig im Rahmen des PEN f\u00fcr verfolgte Kollegen in aller Welt engagieren zu k\u00f6nnen.<\/p>\n\n\n\n<h1 class=\"wp-block-heading has-text-align-center\"><a href=\"http:\/\/schubert-jutta.de\/wp-content\/uploads\/MSKCMTR3.gif\"><img loading=\"lazy\" decoding=\"async\" class=\"aligncenter size-full wp-image-312\" src=\"http:\/\/schubert-jutta.de\/wp-content\/uploads\/MSKCMTR3.gif\" alt=\"MSKCMTR3\" width=\"70\" height=\"47\"\/><\/a><\/h1>\n\n\n\n<h3 class=\"wp-block-heading\"><span style=\"color: #0000ff;\"><strong>Meine Buch \u00fcber den Theatermacher&nbsp;George Tabori<br \/><\/strong><\/span><\/h3>\n\n\n\n<p>Am 24. Mai 2014 w\u00e4re der gro\u00dfe Theatermann und Autor George Tabori 100 Jahre alt geworden. Anl\u00e4sslich seines Geburtstags erschien mein Buch<strong> &#8222;Zwischen Sein und Spielen &#8211; George Tabori, eine Liebeserkl\u00e4rung&#8220;<\/strong> als sehr pers\u00f6nliche Hommage.<br \/>Ich beschreibe darin die Erinnerung an meine Begegnungen und Arbeit mit ihm. Seine Menschlichkeit und sein Blick auf die Welt ist nicht nur f\u00fcr Theaterbegeisterte interessant &#8211; was er uns vorgelebt hat, ist ebenso eine Lektion im Leben lernen und im Umgang miteinander. Ich gebe diese Erfahrung gerne sowohl an diejenigen weiter, die ihn gekannt haben und die Erinnerung an ihn lebendig halten m\u00f6chten, als auch, und noch viel mehr, an diejenigen, die nicht das Gl\u00fcck hatten, ihn kennenlernen zu d\u00fcrfen. Mein Buch soll etwas von seiner Pers\u00f6nlichkeit vermitteln, die uns ein Beispiel gibt und von der wir alle einiges gebrauchen k\u00f6nnten. Gegen das Vergessen.<\/p>\n\n\n<div class=\"wp-block-image\">\n<figure class=\"aligncenter\"><a href=\"https:\/\/www.amazon.de\/Zwischen-Sein-Spielen-George-Liebeserkl\u00e4rung\/dp\/3943977498\/ref=sr_1_4?s=books&amp;ie=UTF8&amp;qid=1476967407&amp;sr=1-4&amp;keywords=Jutta+Schubert\" target=\"_blank\" rel=\"noopener noreferrer\"><img loading=\"lazy\" decoding=\"async\" width=\"180\" height=\"300\" src=\"http:\/\/schubert-jutta.de\/wp-content\/uploads\/tabori180.jpg\" alt=\"tabori180\" class=\"wp-image-289\"\/><\/a><\/figure>\n<\/div>\n\n\n<p>Das Buch ist in jeder Buchhandlung bestellbar, selbstverst\u00e4ndlich auch im Internet oder \u00fcber den<a href=\"http:\/\/www.kulturmaschinen.com\/index.php?page=shop.product_details&amp;category_id=2&amp;flypage=flypage.tpl&amp;product_id=87&amp;option=com_virtuemart&amp;Itemid=71\" target=\"_blank\" rel=\"noopener noreferrer\"> Kulturmaschinen Verlag<\/a>. Wer im Buchhandel bestellt oder direkt beim Verlag, hilft den Buchh\u00e4ndlern und den kleinen Verlagen beim \u00dcberleben. Wer sich ein Buch kauft oder es weiterverschenkt, hilft dar\u00fcber hinaus auch den Autoren :-).<\/p>\n\n\n\n<p><strong><em><\/em><\/strong>Der im Weltkriegsjahr 1914 in Budapest geborene George Tabori war eine der beeindruckendsten Pers\u00f6nlichkeiten des deutschsprachigen Theaters in der zweiten H\u00e4lfte des 20. Jahrhunderts. Wer mit ihm arbeitete, den pr\u00e4gte und faszinierte seine besondere Vorgehensweise w\u00e4hrend der Proben, sein Umgang mit Menschen, Themen und Texten. Er verfasste Romane und Dramen, schrieb Drehb\u00fccher, war \u00dcbersetzer in den USA und ein profilierter Theatermacher in Deutschland. Seine Flucht vor den Nationalsozialisten f\u00fchrte ihn \u00fcber Wien und Prag nach London und schlie\u00dflich in die Vereinigten Staaten. Seit den fr\u00fchen 1970er Jahren zur\u00fcck in Europa, blieb der Kosmopolit bei den \u201eguten Deutschen\u201c, wie er sie nannte, die seinen Vater in Auschwitz ermordet hatten. Er zeigte seinem Publikum in seinen Inszenierungen und den eigenen Theaterst\u00fccken die Verheerungen von Rassismus, Ausgrenzung und Massenmord auf, konterkariert mit schwarzem Humor und absurder Komik. Jutta Schubert verfolgte seine Theaterarbeit bereits als Studentin und begegnete ihm in den fr\u00fchen Achtzigerjahren als Regieassistentin am Schauspielhaus Bochum unter der Intendanz von Claus Peymann. In ihren Erinnerungen an die Begegnungen mit dem gro\u00dfen Theatermann, dessen Wirken und Person auch ihre eigene Theaterarbeit entscheidend beeinflusst haben, zeichnet sie das Bild eines unvergesslichen Theaterzauberers.<\/p>\n\n\n\n<address><em><strong>Gebundene Ausgabe<\/strong><\/em>, ISBN: 978-3-943977-49-3, Preis: 19,90 \u20ac<\/address>\n\n\n<div class=\"wp-block-image\">\n<figure class=\"aligncenter\"><a href=\"http:\/\/schubert-jutta.de\/wp-content\/uploads\/MSKCMTR3.gif\"><img loading=\"lazy\" decoding=\"async\" width=\"70\" height=\"47\" src=\"http:\/\/schubert-jutta.de\/wp-content\/uploads\/MSKCMTR3.gif\" alt=\"MSKCMTR3\" class=\"wp-image-312\"\/><\/a><\/figure>\n<\/div>\n\n\n<p><strong><span style=\"color: #0000ff;\">Meine&nbsp;Casanova-Inszenierung<\/span><\/strong><\/p>\n\n\n\n<p><strong>CASANOVAS NACHT<br \/><\/strong>Eine Kom\u00f6die von Jutta Schubert<\/p>\n\n\n\n<p>Der alternde Casanova strandet auf seiner letzten Reise in einem sch\u00e4bigen Hotel, irgendwo in deutschen Landen. W\u00e4hrend er sich \u00fcber den mangelnden Komfort beschwert, l\u00e4sst er ma\u00dfgebliche Episoden seines Lebens Revue passieren, erinnert sich an seine Jugend, an tolle Frauen, an seine Heimatstadt Venedig\u2026 und beschlie\u00dft, seine Memoiren zu schreiben. Ein heiterer und auch besinnlicher Abend \u00fcber den gro\u00dfen Autor, Frauenheld und Augenzeugen des 18. Jahrhunderts.<\/p>\n\n\n\n<p>Die Urauff\u00fchrung fand im Theater Naumburg statt. Holger Vandrich spielte Giacomo Casanova, Regie und Ausstattung Jutta Schubert, Fechtchoreografie u. -training: Mona Syhre.<\/p>\n\n\n\n<p>Nachlesen und f\u00fcr weitere Inszenierungen bestellen kann man mein St\u00fcck<strong> &#8222;Casanovas Nacht&#8220;<\/strong> beim <a href=\"http:\/\/www.theaterstueckverlag.de\/Autoren\/autoren\/bioA\/schubert_jutta\/showAut\" target=\"_blank\" rel=\"noopener noreferrer\">Theaterst\u00fcckverlag Korn-Wimmer M\u00fcnchen<\/a>.<\/p>\n\n\n<div class=\"wp-block-image\">\n<figure class=\"aligncenter\"><a href=\"http:\/\/schubert-jutta.de\/wp-content\/uploads\/MSKCMTR3.gif\"><img loading=\"lazy\" decoding=\"async\" width=\"70\" height=\"47\" src=\"http:\/\/schubert-jutta.de\/wp-content\/uploads\/MSKCMTR3.gif\" alt=\"MSKCMTR3\" class=\"wp-image-312\"\/><\/a><\/figure>\n<\/div>\n\n\n<p><strong><span style=\"color: #0000ff;\">Unter die Top Ten geraten<\/span><\/strong><\/p>\n\n\n\n<p>Mit meinem Roman \u00fcber die letzten Tage des Widerstandsk\u00e4mpfers Alexander Schmorell, der gemeinsam mit Hans Scholl die <strong>&#8222;Wei\u00dfe Rose&#8220;<\/strong> gr\u00fcndete, bin ich nun tats\u00e4chlich auf eine Bestenliste geraten, was ich niemals erwartet habe.<\/p>\n\n\n<div class=\"wp-block-image\">\n<figure class=\"aligncenter\"><a href=\"http:\/\/schubert-jutta.de\/wp-content\/uploads\/Topten.jpg\"><img loading=\"lazy\" decoding=\"async\" width=\"407\" height=\"1279\" src=\"http:\/\/schubert-jutta.de\/wp-content\/uploads\/Topten.jpg\" alt=\"Topten\" class=\"wp-image-350\" srcset=\"https:\/\/www.schubert-jutta.de\/wp-content\/uploads\/Topten.jpg 407w, https:\/\/www.schubert-jutta.de\/wp-content\/uploads\/Topten-95x300.jpg 95w\" sizes=\"auto, (max-width: 407px) 100vw, 407px\" \/><\/a><\/figure>\n<\/div>\n\n<div class=\"wp-block-image\">\n<figure class=\"aligncenter\"><a href=\"http:\/\/www.amazon.de\/Zu-blau-Himmel-Februar-Roman\/dp\/3943977013\/ref=pd_rhf_dp_p_img_4_8ZWY\" target=\"_blank\" rel=\"noopener noreferrer\"><img loading=\"lazy\" decoding=\"async\" width=\"176\" height=\"300\" src=\"http:\/\/schubert-jutta.de\/wp-content\/uploads\/zublau180-176x300.jpg\" alt=\"zublau180\" class=\"wp-image-299\" srcset=\"https:\/\/www.schubert-jutta.de\/wp-content\/uploads\/zublau180-176x300.jpg 176w, https:\/\/www.schubert-jutta.de\/wp-content\/uploads\/zublau180.jpg 180w\" sizes=\"auto, (max-width: 176px) 100vw, 176px\" \/><\/a><\/figure>\n<\/div>\n\n\n<p>Die Wiesbadener <em>Buchhandlung Leucht<\/em> hat meinen Roman auf den 10. Platz der Top Ten gesetzt. Und die Rhein-Main-Zeitung publiziert das! Wow! Ich freue mich sehr. <strong><span style=\"text-decoration: underline;\">Zum Inhalt:<\/span>&nbsp;<\/strong> <em>Jutta Schubert schildert in ihrem Roman <a href=\"http:\/\/www.kulturmaschinen.com\/index.php?page=shop.product_details&amp;category_id=14&amp;flypage=flypage.tpl&amp;product_id=75&amp;option=com_virtuemart&amp;Itemid=71\" target=\"_blank\" rel=\"noopener noreferrer\">&#8222;Zu blau der Himmel im Februar&#8220;<\/a> ein bisher nicht erz\u00e4hltes dramatisches Schicksal des deutschen Widerstands. Alexander Schmorell ist seit Tagen auf der Flucht, als die Geschwister Scholl hingerichtet werden. Mit Hans Scholl hatte er die &#8218;Wei\u00dfe Rose&#8216; gegr\u00fcndet und ihre Flugbl\u00e4tter verfasst. Schmorells Flucht scheitert. Er kehrt nach M\u00fcnchen zur\u00fcck. Sein Fahndungsplakat klebt an den Mauern der Stadt. Es ist nur noch eine Frage der Zeit, bis er verraten wird.<\/em><\/p>\n\n\n\n<p>Der Roman basiert auf Recherchen und Interviews, die die Autorin mit Zeitzeugen, also Familienangeh\u00f6rigen, Freunden und Bekannten von Alexander Schmorell, sowie den anderen Protagonisten der Wei\u00dfen Rose gef\u00fchrt hat und die inzwischen fast alle verstorben sind.<\/p>\n\n\n\n<p>PS: Das Buch ist \u00fcber jede Buchhandlung zu beziehen. Es kann zudem beim <a href=\"http:\/\/http:\/\/www.kulturmaschinen.com\/index.php?page=shop.product_details&amp;category_id=14&amp;flypage=flypage.tpl&amp;product_id=75&amp;option=com_virtuemart&amp;Itemid=71\" target=\"_blank\" rel=\"noopener noreferrer\">Kulturmaschinen Verlag<\/a> selbst bestellt werden und ist \u00fcber die \u00fcblichen Online-Portale wie <a href=\"http:\/\/www.amazon.de\/Zu-blau-Himmel-Februar-Roman\/dp\/3943977013\/ref=pd_rhf_dp_p_img_4_8ZWY\" target=\"_blank\" rel=\"noopener noreferrer\">amazon<\/a> lieferbar.<\/p>\n\n\n\n<h1 class=\"wp-block-heading has-text-align-center\"><a href=\"http:\/\/schubert-jutta.de\/wp-content\/uploads\/MSKCMTR3.gif\"><img loading=\"lazy\" decoding=\"async\" class=\"size-full wp-image-312 aligncenter\" src=\"http:\/\/schubert-jutta.de\/wp-content\/uploads\/MSKCMTR3.gif\" alt=\"MSKCMTR3\" width=\"70\" height=\"47\"\/><\/a><\/h1>\n\n\n<div class=\"wp-block-image\">\n<figure class=\"aligncenter\"><a href=\"http:\/\/hamcha.de\/jutta-schubert-zu-blau-der-himmel-im-februar\/\" target=\"_blank\" rel=\"noopener noreferrer\"><img loading=\"lazy\" decoding=\"async\" width=\"300\" height=\"76\" src=\"http:\/\/schubert-jutta.de\/wp-content\/uploads\/Hamcha.jpg\" alt=\"Hamcha\" class=\"wp-image-321\"\/><\/a><\/figure>\n<\/div>\n\n\n<p><a href=\"http:\/\/hamcha.de\/jutta-schubert-zu-blau-der-himmel-im-februar\" target=\"_blank\" rel=\"noopener noreferrer\">Auf der Internet-Plattform <strong>&#8218;Hamcha &#8211; Menschen im Gespr\u00e4ch&#8216;<\/strong> finden Sie z. Zt ein vierteiliges Interview \u00fcber meine Theaterarbeit, meine Arbeit als Autorin und vor allem \u00fcber meinen gerade erschienenen Roman &#8222;Zu blau der Himmel im Februar&#8220;<\/a>.<\/p>\n","protected":false},"excerpt":{"rendered":"<p>Neuerscheinung November 2025:&#8222;Weder Gl\u00fcck noch Ungl\u00fcck&#8220;Erz\u00e4hlungenKulturmaschinen Verlag, 2025Geschichten \u00fcber die Liebe, die Jugend und das Alter, \u00fcber Festhalten und Loslassen. Vorank\u00fcndigung 2026:&#8222;Das Verm\u00e4chtnis der Seefahrer&#8222;Gesammelte GedichteKulturmaschinen Verlag, Herbst 2026Meine Gedichte von den sp\u00e4ten 1980er Jahren, mit denen ich beim Literarischen M\u00e4rz in Darmstadt eingeladen war, \u00fcber den Zyklus der Venedig-Gedichte &#8222;Unter dem Haus das Meer&#8220;&#8230;<\/p>\n","protected":false},"author":1,"featured_media":0,"parent":0,"menu_order":1,"comment_status":"closed","ping_status":"closed","template":"sidebar-page.php","meta":{"footnotes":""},"class_list":["post-2","page","type-page","status-publish","hentry"],"_links":{"self":[{"href":"https:\/\/www.schubert-jutta.de\/index.php?rest_route=\/wp\/v2\/pages\/2","targetHints":{"allow":["GET"]}}],"collection":[{"href":"https:\/\/www.schubert-jutta.de\/index.php?rest_route=\/wp\/v2\/pages"}],"about":[{"href":"https:\/\/www.schubert-jutta.de\/index.php?rest_route=\/wp\/v2\/types\/page"}],"author":[{"embeddable":true,"href":"https:\/\/www.schubert-jutta.de\/index.php?rest_route=\/wp\/v2\/users\/1"}],"replies":[{"embeddable":true,"href":"https:\/\/www.schubert-jutta.de\/index.php?rest_route=%2Fwp%2Fv2%2Fcomments&post=2"}],"version-history":[{"count":281,"href":"https:\/\/www.schubert-jutta.de\/index.php?rest_route=\/wp\/v2\/pages\/2\/revisions"}],"predecessor-version":[{"id":1766,"href":"https:\/\/www.schubert-jutta.de\/index.php?rest_route=\/wp\/v2\/pages\/2\/revisions\/1766"}],"wp:attachment":[{"href":"https:\/\/www.schubert-jutta.de\/index.php?rest_route=%2Fwp%2Fv2%2Fmedia&parent=2"}],"curies":[{"name":"wp","href":"https:\/\/api.w.org\/{rel}","templated":true}]}}